{"id":5129,"date":"2023-10-25T06:32:12","date_gmt":"2023-10-25T06:32:12","guid":{"rendered":"http:\/\/ronaldruseler.nl\/wp-tekst\/?page_id=5129"},"modified":"2023-10-25T08:08:40","modified_gmt":"2023-10-25T08:08:40","slug":"2023-hans-bouman-neerlandais-en-france-francais-dans-son-art","status":"publish","type":"page","link":"http:\/\/ronaldruseler.nl\/wp-tekst\/2023-hans-bouman-neerlandais-en-france-francais-dans-son-art\/","title":{"rendered":"2023 Hans Bouman &#8211; N\u00e9erlandais en France, Fran\u00e7ais dans son art\u00a0"},"content":{"rendered":"\n<p><strong>Amis depuis l&#8217;adolescence, Hans et Ronald deviennent beaux-fr\u00e8res et se consacrent \u00e0 l&#8217;art. Ils visitent tous les mus\u00e9es de l&#8217;Europe, m\u00eame au-del\u00e0 de rideau de fer.Depuis la celebre Documenta 7 \u00e0 Kassel en Allemagne organis\u00e9e par Rudi Fuchs, le tr\u00e8s jeune directeur du Van Abbemuseum d&#8217;Eindhoven, ils n&#8217;en manguent aucune, ni aucune Biennale de venise. En plus de sa practique artistique, Ruseler a r\u00e9alis\u00e9 des entretiens pour Area Revue, et progressivement d\u00e9velopp\u00e9 une practique de critique d&#8217;art.<\/strong> L<strong>e 31 d\u00e9cembre 2022, Ronald Ruseler \u00e9crit un article intitul\u00e9&nbsp;N\u00e9erlandais en France, Fran\u00e7ais dans son art&nbsp;qui exprime sa vision du travail de Hans<\/strong>.<\/p>\n\n\n\n<p>Hans Bouman a \u00e9migr\u00e9 d&#8217;Amsterdam&nbsp;\u00e0 Paris en 1980, apr\u00e8s avoir rencontr\u00e9 sa femme Fr\u00e9d\u00e9rique en France. Il y a construit une pratique artistique florissante et c&#8217;est un exploit, car il est extr\u00eamement difficile pour un nouveau venu de s&#8217;implanter dans cette ville. La France n&#8217;a pas de syst\u00e8me de subventions de&nbsp;l&#8217;art&nbsp;ni des artistes comme aux Pays-Bas, il faut donc tout faire par soi-m\u00eame \u00e0&nbsp;partir de&nbsp;rien et sans soutien. En 1986, il re\u00e7ut le prix de peinture du 31\u00e8me Salon de Montrouge, ce qui lui ouvrit les portes pour la suite de sa carri\u00e8re.<\/p>\n\n\n\n<p>En 1980, il a non seulement apport\u00e9 avec lui ses affaires \u00e0 Paris, mais il a aussi apport\u00e9 ses origines n\u00e9erlandaises et son bagage culturel.<\/p>\n\n\n\n<p>Dans nos conversations avec Hans, il a souvent \u00e9t\u00e9 question de savoir pourquoi, pour nous aux Pays-Bas, son travail est devenu si fran\u00e7ais. Ce ne sont pas les sujets de ses toiles, car ils sont universels, ce ne sont pas non plus les couleurs, car elles le sont aussi. Qu&#8217;est-ce donc alors&nbsp;?&nbsp;<\/p>\n\n\n\n<p>Ses premi\u00e8res&nbsp;toiles&nbsp;se caract\u00e9risaient par une utilisation de couleurs sombres,&nbsp;ces tons sombres que nous connaissons de la tradition picturale hollandaise du XVIIe si\u00e8cle, notamment celle de Frans Hals, le peintre de sa ville natale de Haarlem.&nbsp;<\/p>\n\n\n\n<p>Pourtant le r\u00e9sultat de sa peinture diff\u00e8re de cette tradition.&nbsp;Ses toiles ne racontent pas d&#8217;histoires, et pourtant elles nous parlent,&nbsp;m\u00eame lorsque&nbsp;ses couleurs se sont all\u00e9g\u00e9es et \u00e9claircies&nbsp;par la suite. Les toiles sont invariablement peintes de mani\u00e8re vivante. Des &#8220;t\u00eates&#8221; \u00e9mergent le plus souvent, ou bien des morceaux&nbsp;de&nbsp;corps. Ces &#8220;t\u00eates&#8221; ne sont pas des portraits, mais le r\u00e9sultat d&#8217;un lent processus d&#8217;accumulation.&nbsp;Elles surgissent d&#8217;un&nbsp;univers&nbsp;d&#8217;\u00e9motions.<\/p>\n\n\n\n<p>Karel Appel, un peintre qui a \u00e9galement invent\u00e9 sa peinture&nbsp;\u00e0&nbsp;Paris, d\u00e9clare&nbsp;dans le film de Jan Vrijman, De werkelijkheid van Karel Appel&nbsp;(La r\u00e9alit\u00e9 de Karel Appel,&nbsp;1962) :&nbsp;\u00ab Je pars de mon mat\u00e9riau, c&#8217;est-\u00e0-dire la peinture&nbsp;\u00bb. Appel a ainsi suivi les traces de Vincent van Gogh, qui avait quelques ann\u00e9es avant lui quitt\u00e9 les Pays-Bas qu&#8217;il trouvait limit\u00e9s et ennuyeux pour la France. Bien que Van Gogh ait d\u00e9but\u00e9 en repr\u00e9sentant la r\u00e9alit\u00e9, son art en est essentiellement arriv\u00e9 \u00e0 une conclusion mat\u00e9rielle sur la confluence de la peinture, de la couleur et de l&#8217;\u00e9motion. Hans permet \u00e9galement&nbsp;\u00e0&nbsp;ses toiles de surgir de la peinture pour finalement arriver&nbsp;\u00e0&nbsp;une repr\u00e9sentation model\u00e9e par ses \u00e9motions. Ce&nbsp;d\u00e9veloppement dans le processus cr\u00e9atif n&#8217;est pas tr\u00e8s&nbsp;habituel aux Pays-Bas. Je pense que c&#8217;est l\u00e0&nbsp;que se trouve la raison pour laquelle l&#8217;art&nbsp;de Bouman est devenu non-n\u00e9erlandais. Si, dans son cas, cela se limitait \u00e0 une repr\u00e9sentation, cela ferait obstacle au&nbsp;contenu.<\/p>\n\n\n\n<p><sub>Haarlem, Le 31 d\u00e9cembre 2022<br>Hans Bouman &#8211; Chemins de traverse 2023<br>Area Art &amp; Editions &#8211; Paris<br>Un livre de Alin Avila<\/sub><\/p>\n\n\n\n<figure class=\"wp-block-image size-large is-resized\"><img loading=\"lazy\" decoding=\"async\" src=\"http:\/\/ronaldruseler.nl\/wp-tekst\/wp-content\/uploads\/2023\/10\/Bouman-sitecouv-800x1044-2-785x1024.jpeg\" alt=\"\" class=\"wp-image-5140\" width=\"340\" height=\"444\" srcset=\"http:\/\/ronaldruseler.nl\/wp-tekst\/wp-content\/uploads\/2023\/10\/Bouman-sitecouv-800x1044-2-785x1024.jpeg 785w, http:\/\/ronaldruseler.nl\/wp-tekst\/wp-content\/uploads\/2023\/10\/Bouman-sitecouv-800x1044-2-230x300.jpeg 230w, http:\/\/ronaldruseler.nl\/wp-tekst\/wp-content\/uploads\/2023\/10\/Bouman-sitecouv-800x1044-2-768x1002.jpeg 768w, http:\/\/ronaldruseler.nl\/wp-tekst\/wp-content\/uploads\/2023\/10\/Bouman-sitecouv-800x1044-2-624x814.jpeg 624w, http:\/\/ronaldruseler.nl\/wp-tekst\/wp-content\/uploads\/2023\/10\/Bouman-sitecouv-800x1044-2.jpeg 800w\" sizes=\"auto, (max-width: 340px) 100vw, 340px\" \/><\/figure>\n\n\n\n<p><\/p>\n\n\n\n<p><sub>Les \u0153uvres ci-dessous sont dans la Archipel Kunstcollectie, Haarlem &#8211; Pays Bas<\/sub><\/p>\n\n\n\n<figure class=\"wp-block-image size-full is-resized\"><img loading=\"lazy\" decoding=\"async\" src=\"http:\/\/ronaldruseler.nl\/wp-tekst\/wp-content\/uploads\/2023\/10\/bouman-h1.jpg\" alt=\"\" class=\"wp-image-5150\" width=\"338\" height=\"339\" srcset=\"http:\/\/ronaldruseler.nl\/wp-tekst\/wp-content\/uploads\/2023\/10\/bouman-h1.jpg 673w, http:\/\/ronaldruseler.nl\/wp-tekst\/wp-content\/uploads\/2023\/10\/bouman-h1-300x300.jpg 300w, http:\/\/ronaldruseler.nl\/wp-tekst\/wp-content\/uploads\/2023\/10\/bouman-h1-150x150.jpg 150w, http:\/\/ronaldruseler.nl\/wp-tekst\/wp-content\/uploads\/2023\/10\/bouman-h1-624x626.jpg 624w, http:\/\/ronaldruseler.nl\/wp-tekst\/wp-content\/uploads\/2023\/10\/bouman-h1-176x176.jpg 176w, http:\/\/ronaldruseler.nl\/wp-tekst\/wp-content\/uploads\/2023\/10\/bouman-h1-60x60.jpg 60w\" sizes=\"auto, (max-width: 338px) 100vw, 338px\" \/><\/figure>\n\n\n\n<p><\/p>\n\n\n\n<figure class=\"wp-block-image size-large is-resized\"><img loading=\"lazy\" decoding=\"async\" src=\"http:\/\/ronaldruseler.nl\/wp-tekst\/wp-content\/uploads\/2023\/10\/Bouman-hans-multiple-2-1-761x1024.jpg\" alt=\"\" class=\"wp-image-5172\" width=\"354\" height=\"476\" srcset=\"http:\/\/ronaldruseler.nl\/wp-tekst\/wp-content\/uploads\/2023\/10\/Bouman-hans-multiple-2-1-761x1024.jpg 761w, http:\/\/ronaldruseler.nl\/wp-tekst\/wp-content\/uploads\/2023\/10\/Bouman-hans-multiple-2-1-223x300.jpg 223w, http:\/\/ronaldruseler.nl\/wp-tekst\/wp-content\/uploads\/2023\/10\/Bouman-hans-multiple-2-1-768x1033.jpg 768w, http:\/\/ronaldruseler.nl\/wp-tekst\/wp-content\/uploads\/2023\/10\/Bouman-hans-multiple-2-1-624x840.jpg 624w, http:\/\/ronaldruseler.nl\/wp-tekst\/wp-content\/uploads\/2023\/10\/Bouman-hans-multiple-2-1.jpg 776w\" sizes=\"auto, (max-width: 354px) 100vw, 354px\" \/><\/figure>\n\n\n\n<p><\/p>\n\n\n\n<figure class=\"wp-block-image size-full is-resized\"><img loading=\"lazy\" decoding=\"async\" src=\"http:\/\/ronaldruseler.nl\/wp-tekst\/wp-content\/uploads\/2023\/10\/bouman-h2.jpg\" alt=\"\" class=\"wp-image-5151\" width=\"342\" height=\"415\" srcset=\"http:\/\/ronaldruseler.nl\/wp-tekst\/wp-content\/uploads\/2023\/10\/bouman-h2.jpg 556w, http:\/\/ronaldruseler.nl\/wp-tekst\/wp-content\/uploads\/2023\/10\/bouman-h2-247x300.jpg 247w\" sizes=\"auto, (max-width: 342px) 100vw, 342px\" \/><\/figure>\n\n\n\n<p><\/p>\n\n\n\n<figure class=\"wp-block-image size-large is-resized\"><img loading=\"lazy\" decoding=\"async\" src=\"http:\/\/ronaldruseler.nl\/wp-tekst\/wp-content\/uploads\/2023\/10\/Bouman-Hans-zt-2014-A4_-718x1024.jpg\" alt=\"\" class=\"wp-image-5154\" width=\"338\" height=\"482\" srcset=\"http:\/\/ronaldruseler.nl\/wp-tekst\/wp-content\/uploads\/2023\/10\/Bouman-Hans-zt-2014-A4_-718x1024.jpg 718w, http:\/\/ronaldruseler.nl\/wp-tekst\/wp-content\/uploads\/2023\/10\/Bouman-Hans-zt-2014-A4_-210x300.jpg 210w, http:\/\/ronaldruseler.nl\/wp-tekst\/wp-content\/uploads\/2023\/10\/Bouman-Hans-zt-2014-A4_-768x1096.jpg 768w, http:\/\/ronaldruseler.nl\/wp-tekst\/wp-content\/uploads\/2023\/10\/Bouman-Hans-zt-2014-A4_-624x890.jpg 624w, http:\/\/ronaldruseler.nl\/wp-tekst\/wp-content\/uploads\/2023\/10\/Bouman-Hans-zt-2014-A4_.jpg 1024w\" sizes=\"auto, (max-width: 338px) 100vw, 338px\" \/><\/figure>\n\n\n\n<p><\/p>\n\n\n\n<figure class=\"wp-block-image size-full is-resized\"><img loading=\"lazy\" decoding=\"async\" src=\"http:\/\/ronaldruseler.nl\/wp-tekst\/wp-content\/uploads\/2023\/10\/bouman-h3.jpg\" alt=\"\" class=\"wp-image-5156\" width=\"341\" height=\"152\" srcset=\"http:\/\/ronaldruseler.nl\/wp-tekst\/wp-content\/uploads\/2023\/10\/bouman-h3.jpg 675w, http:\/\/ronaldruseler.nl\/wp-tekst\/wp-content\/uploads\/2023\/10\/bouman-h3-300x133.jpg 300w, http:\/\/ronaldruseler.nl\/wp-tekst\/wp-content\/uploads\/2023\/10\/bouman-h3-624x277.jpg 624w\" sizes=\"auto, (max-width: 341px) 100vw, 341px\" \/><\/figure>\n\n\n\n<p><\/p>\n\n\n\n<figure class=\"wp-block-image size-full is-resized\"><img loading=\"lazy\" decoding=\"async\" src=\"http:\/\/ronaldruseler.nl\/wp-tekst\/wp-content\/uploads\/2023\/10\/Bouman-kop.jpg\" alt=\"\" class=\"wp-image-5158\" width=\"344\" height=\"477\" srcset=\"http:\/\/ronaldruseler.nl\/wp-tekst\/wp-content\/uploads\/2023\/10\/Bouman-kop.jpg 487w, http:\/\/ronaldruseler.nl\/wp-tekst\/wp-content\/uploads\/2023\/10\/Bouman-kop-216x300.jpg 216w\" sizes=\"auto, (max-width: 344px) 100vw, 344px\" \/><\/figure>\n\n\n\n<p><\/p>\n\n\n\n<figure class=\"wp-block-image size-full is-resized\"><img loading=\"lazy\" decoding=\"async\" src=\"http:\/\/ronaldruseler.nl\/wp-tekst\/wp-content\/uploads\/2023\/10\/bouman-h4.jpg\" alt=\"\" class=\"wp-image-5159\" width=\"341\" height=\"140\" srcset=\"http:\/\/ronaldruseler.nl\/wp-tekst\/wp-content\/uploads\/2023\/10\/bouman-h4.jpg 675w, http:\/\/ronaldruseler.nl\/wp-tekst\/wp-content\/uploads\/2023\/10\/bouman-h4-300x124.jpg 300w, http:\/\/ronaldruseler.nl\/wp-tekst\/wp-content\/uploads\/2023\/10\/bouman-h4-624x257.jpg 624w\" sizes=\"auto, (max-width: 341px) 100vw, 341px\" \/><\/figure>\n\n\n\n<p><\/p>\n\n\n\n<figure class=\"wp-block-image size-full is-resized\"><img loading=\"lazy\" decoding=\"async\" src=\"http:\/\/ronaldruseler.nl\/wp-tekst\/wp-content\/uploads\/2023\/10\/Bouman-kop85.jpg\" alt=\"\" class=\"wp-image-5160\" width=\"340\" height=\"450\" srcset=\"http:\/\/ronaldruseler.nl\/wp-tekst\/wp-content\/uploads\/2023\/10\/Bouman-kop85.jpg 510w, http:\/\/ronaldruseler.nl\/wp-tekst\/wp-content\/uploads\/2023\/10\/Bouman-kop85-227x300.jpg 227w\" sizes=\"auto, (max-width: 340px) 100vw, 340px\" \/><\/figure>\n","protected":false},"excerpt":{"rendered":"<p>Amis depuis l&#8217;adolescence, Hans et Ronald deviennent beaux-fr\u00e8res et se consacrent \u00e0 l&#8217;art. Ils visitent tous les mus\u00e9es de l&#8217;Europe, m\u00eame au-del\u00e0 de rideau de fer.Depuis la celebre Documenta 7 \u00e0 Kassel en Allemagne organis\u00e9e par Rudi Fuchs, le tr\u00e8s jeune directeur du Van Abbemuseum d&#8217;Eindhoven, ils n&#8217;en manguent aucune, ni aucune Biennale de venise. En plus de sa practique&#8230; <a href=\"http:\/\/ronaldruseler.nl\/wp-tekst\/2023-hans-bouman-neerlandais-en-france-francais-dans-son-art\/\">Read more &raquo;<\/a><\/p>\n","protected":false},"author":1,"featured_media":0,"parent":0,"menu_order":0,"comment_status":"closed","ping_status":"closed","template":"","meta":{"footnotes":""},"class_list":["post-5129","page","type-page","status-publish","hentry"],"_links":{"self":[{"href":"http:\/\/ronaldruseler.nl\/wp-tekst\/wp-json\/wp\/v2\/pages\/5129","targetHints":{"allow":["GET"]}}],"collection":[{"href":"http:\/\/ronaldruseler.nl\/wp-tekst\/wp-json\/wp\/v2\/pages"}],"about":[{"href":"http:\/\/ronaldruseler.nl\/wp-tekst\/wp-json\/wp\/v2\/types\/page"}],"author":[{"embeddable":true,"href":"http:\/\/ronaldruseler.nl\/wp-tekst\/wp-json\/wp\/v2\/users\/1"}],"replies":[{"embeddable":true,"href":"http:\/\/ronaldruseler.nl\/wp-tekst\/wp-json\/wp\/v2\/comments?post=5129"}],"version-history":[{"count":11,"href":"http:\/\/ronaldruseler.nl\/wp-tekst\/wp-json\/wp\/v2\/pages\/5129\/revisions"}],"predecessor-version":[{"id":5187,"href":"http:\/\/ronaldruseler.nl\/wp-tekst\/wp-json\/wp\/v2\/pages\/5129\/revisions\/5187"}],"wp:attachment":[{"href":"http:\/\/ronaldruseler.nl\/wp-tekst\/wp-json\/wp\/v2\/media?parent=5129"}],"curies":[{"name":"wp","href":"https:\/\/api.w.org\/{rel}","templated":true}]}}